{"id":3856,"date":"2025-01-20T15:29:53","date_gmt":"2025-01-20T14:29:53","guid":{"rendered":"https:\/\/importanne.ba\/?post_type=mec-events&#038;p=3856"},"modified":"2025-01-20T16:20:31","modified_gmt":"2025-01-20T15:20:31","slug":"sos-djecija-sela-kumstvo","status":"publish","type":"mec-events","link":"https:\/\/importanne.ba\/en\/events\/sos-djecija-sela-kumstvo\/","title":{"rendered":"SOS DJE\u010cIJA SELA &#8211; Kumstvo"},"content":{"rendered":"<div dir=\"auto\">\n<p>Da li ste ovih dana na nekoliko sarajevskih\u00a0<a href=\"https:\/\/sos-ds.ba\/kumstvo\/#lokacija\"><u>lokacija<\/u><\/a>\u00a0vidjeli \u0161tand SOS Dje\u010dijih sela BiH te vedra lica SOS predstavnika? Mo\u017eete ih sresti na lokacijama u Sarajevu, porazgovarati sa njima, saznati vi\u0161e o radu SOS Dje\u010dijih sela BiH, pridru\u017eiti se krugu na\u0161ih prijatelja i postati Kum\/a porodica.<\/p>\n<\/div>\n<p>&nbsp;<\/p>\n<p>Vi\u0161e informacija na linku: https:\/\/sos-ds.ba\/kumstvo\/<\/p>","protected":false},"excerpt":{"rendered":"<p>Da li ste ovih dana na nekoliko sarajevskih\u00a0lokacija\u00a0vidjeli \u0161tand SOS Dje\u010dijih sela BiH te vedra lica SOS predstavnika? Mo\u017eete ih sresti na lokacijama u Sarajevu, porazgovarati sa njima, saznati vi\u0161e o radu SOS Dje\u010dijih sela BiH, pridru\u017eiti se krugu na\u0161ih prijatelja i postati Kum\/a porodica. &nbsp; Vi\u0161e informacija na linku: https:\/\/sos-ds.ba\/kumstvo\/<\/p>","protected":false},"author":1,"featured_media":3863,"comment_status":"closed","ping_status":"closed","template":"","tags":[],"mec_category":[],"class_list":["post-3856","mec-events","type-mec-events","status-publish","has-post-thumbnail","hentry"],"yoast_head":"<!-- This site is optimized with the Yoast SEO plugin v21.2 - https:\/\/yoast.com\/wordpress\/plugins\/seo\/ -->\n<title>SOS DJE\u010cIJA SELA - Kumstvo - Importanne Centar<\/title>\n<meta name=\"robots\" content=\"index, follow, max-snippet:-1, max-image-preview:large, max-video-preview:-1\" \/>\n<link rel=\"canonical\" href=\"https:\/\/importanne.ba\/en\/events\/sos-djecija-sela-kumstvo\/\" \/>\n<meta property=\"og:locale\" content=\"en_GB\" \/>\n<meta property=\"og:type\" content=\"article\" \/>\n<meta property=\"og:title\" content=\"SOS DJE\u010cIJA SELA - Kumstvo - Importanne Centar\" \/>\n<meta property=\"og:description\" content=\"Da li ste ovih dana na nekoliko sarajevskih\u00a0lokacija\u00a0vidjeli \u0161tand SOS Dje\u010dijih sela BiH te vedra lica SOS predstavnika? Mo\u017eete ih sresti na lokacijama u Sarajevu, porazgovarati sa njima, saznati vi\u0161e o radu SOS Dje\u010dijih sela BiH, pridru\u017eiti se krugu na\u0161ih prijatelja i postati Kum\/a porodica. &nbsp; Vi\u0161e informacija na linku: https:\/\/sos-ds.ba\/kumstvo\/\" \/>\n<meta property=\"og:url\" content=\"https:\/\/importanne.ba\/en\/events\/sos-djecija-sela-kumstvo\/\" \/>\n<meta property=\"og:site_name\" content=\"Importanne Centar\" \/>\n<meta property=\"article:publisher\" content=\"https:\/\/www.facebook.com\/importannesarajevo\/\" \/>\n<meta property=\"article:modified_time\" content=\"2025-01-20T15:20:31+00:00\" \/>\n<meta property=\"og:image\" content=\"https:\/\/importanne.ba\/wp-content\/uploads\/2025\/01\/logotip-importanne-bhs-08-1.png\" \/>\n\t<meta property=\"og:image:width\" content=\"1080\" \/>\n\t<meta property=\"og:image:height\" content=\"1080\" \/>\n\t<meta property=\"og:image:type\" content=\"image\/png\" \/>\n<meta name=\"twitter:card\" content=\"summary_large_image\" \/>\n<meta name=\"twitter:label1\" content=\"Estimated reading time\" \/>\n\t<meta name=\"twitter:data1\" content=\"1 minute\" \/>\n<script type=\"application\/ld+json\" class=\"yoast-schema-graph\">{\"@context\":\"https:\/\/schema.org\",\"@graph\":[{\"@type\":\"WebPage\",\"@id\":\"https:\/\/importanne.ba\/events\/sos-djecija-sela-kumstvo\/\",\"url\":\"https:\/\/importanne.ba\/events\/sos-djecija-sela-kumstvo\/\",\"name\":\"SOS DJE\u010cIJA SELA - Kumstvo - Importanne Centar\",\"isPartOf\":{\"@id\":\"https:\/\/importanne.ba\/#website\"},\"datePublished\":\"2025-01-20T14:29:53+00:00\",\"dateModified\":\"2025-01-20T15:20:31+00:00\",\"breadcrumb\":{\"@id\":\"https:\/\/importanne.ba\/events\/sos-djecija-sela-kumstvo\/#breadcrumb\"},\"inLanguage\":\"en-GB\",\"potentialAction\":[{\"@type\":\"ReadAction\",\"target\":[\"https:\/\/importanne.ba\/events\/sos-djecija-sela-kumstvo\/\"]}]},{\"@type\":\"BreadcrumbList\",\"@id\":\"https:\/\/importanne.ba\/events\/sos-djecija-sela-kumstvo\/#breadcrumb\",\"itemListElement\":[{\"@type\":\"ListItem\",\"position\":1,\"name\":\"Home\",\"item\":\"https:\/\/importanne.ba\/\"},{\"@type\":\"ListItem\",\"position\":2,\"name\":\"Events\",\"item\":\"https:\/\/importanne.ba\/events\/\"},{\"@type\":\"ListItem\",\"position\":3,\"name\":\"SOS DJE\u010cIJA SELA &#8211; Kumstvo\"}]},{\"@type\":\"WebSite\",\"@id\":\"https:\/\/importanne.ba\/#website\",\"url\":\"https:\/\/importanne.ba\/\",\"name\":\"Importanne Centar\",\"description\":\"Centar modernog \u017eivljenja\",\"publisher\":{\"@id\":\"https:\/\/importanne.ba\/#organization\"},\"potentialAction\":[{\"@type\":\"SearchAction\",\"target\":{\"@type\":\"EntryPoint\",\"urlTemplate\":\"https:\/\/importanne.ba\/?s={search_term_string}\"},\"query-input\":\"required name=search_term_string\"}],\"inLanguage\":\"en-GB\"},{\"@type\":\"Organization\",\"@id\":\"https:\/\/importanne.ba\/#organization\",\"name\":\"Importanne Centar\",\"url\":\"https:\/\/importanne.ba\/\",\"logo\":{\"@type\":\"ImageObject\",\"inLanguage\":\"en-GB\",\"@id\":\"https:\/\/importanne.ba\/#\/schema\/logo\/image\/\",\"url\":\"https:\/\/importanne.ba\/wp-content\/uploads\/2023\/08\/logo_footer.png\",\"contentUrl\":\"https:\/\/importanne.ba\/wp-content\/uploads\/2023\/08\/logo_footer.png\",\"width\":573,\"height\":598,\"caption\":\"Importanne Centar\"},\"image\":{\"@id\":\"https:\/\/importanne.ba\/#\/schema\/logo\/image\/\"},\"sameAs\":[\"https:\/\/www.facebook.com\/importannesarajevo\/\",\"https:\/\/www.instagram.com\/importanne_centar\/\"]}]}<\/script>\n<!-- \/ Yoast SEO plugin. -->","yoast_head_json":{"title":"SOS DJE\u010cIJA SELA - Kumstvo - Importanne Centar","robots":{"index":"index","follow":"follow","max-snippet":"max-snippet:-1","max-image-preview":"max-image-preview:large","max-video-preview":"max-video-preview:-1"},"canonical":"https:\/\/importanne.ba\/en\/events\/sos-djecija-sela-kumstvo\/","og_locale":"en_GB","og_type":"article","og_title":"SOS DJE\u010cIJA SELA - Kumstvo - Importanne Centar","og_description":"Da li ste ovih dana na nekoliko sarajevskih\u00a0lokacija\u00a0vidjeli \u0161tand SOS Dje\u010dijih sela BiH te vedra lica SOS predstavnika? Mo\u017eete ih sresti na lokacijama u Sarajevu, porazgovarati sa njima, saznati vi\u0161e o radu SOS Dje\u010dijih sela BiH, pridru\u017eiti se krugu na\u0161ih prijatelja i postati Kum\/a porodica. &nbsp; Vi\u0161e informacija na linku: https:\/\/sos-ds.ba\/kumstvo\/","og_url":"https:\/\/importanne.ba\/en\/events\/sos-djecija-sela-kumstvo\/","og_site_name":"Importanne Centar","article_publisher":"https:\/\/www.facebook.com\/importannesarajevo\/","article_modified_time":"2025-01-20T15:20:31+00:00","og_image":[{"width":1080,"height":1080,"url":"https:\/\/importanne.ba\/wp-content\/uploads\/2025\/01\/logotip-importanne-bhs-08-1.png","type":"image\/png"}],"twitter_card":"summary_large_image","twitter_misc":{"Estimated reading time":"1 minute"},"schema":{"@context":"https:\/\/schema.org","@graph":[{"@type":"WebPage","@id":"https:\/\/importanne.ba\/events\/sos-djecija-sela-kumstvo\/","url":"https:\/\/importanne.ba\/events\/sos-djecija-sela-kumstvo\/","name":"SOS DJE\u010cIJA SELA - Kumstvo - Importanne Centar","isPartOf":{"@id":"https:\/\/importanne.ba\/#website"},"datePublished":"2025-01-20T14:29:53+00:00","dateModified":"2025-01-20T15:20:31+00:00","breadcrumb":{"@id":"https:\/\/importanne.ba\/events\/sos-djecija-sela-kumstvo\/#breadcrumb"},"inLanguage":"en-GB","potentialAction":[{"@type":"ReadAction","target":["https:\/\/importanne.ba\/events\/sos-djecija-sela-kumstvo\/"]}]},{"@type":"BreadcrumbList","@id":"https:\/\/importanne.ba\/events\/sos-djecija-sela-kumstvo\/#breadcrumb","itemListElement":[{"@type":"ListItem","position":1,"name":"Home","item":"https:\/\/importanne.ba\/"},{"@type":"ListItem","position":2,"name":"Events","item":"https:\/\/importanne.ba\/events\/"},{"@type":"ListItem","position":3,"name":"SOS DJE\u010cIJA SELA &#8211; Kumstvo"}]},{"@type":"WebSite","@id":"https:\/\/importanne.ba\/#website","url":"https:\/\/importanne.ba\/","name":"Importanne Centar","description":"Centar modernog \u017eivljenja","publisher":{"@id":"https:\/\/importanne.ba\/#organization"},"potentialAction":[{"@type":"SearchAction","target":{"@type":"EntryPoint","urlTemplate":"https:\/\/importanne.ba\/?s={search_term_string}"},"query-input":"required name=search_term_string"}],"inLanguage":"en-GB"},{"@type":"Organization","@id":"https:\/\/importanne.ba\/#organization","name":"Importanne Centar","url":"https:\/\/importanne.ba\/","logo":{"@type":"ImageObject","inLanguage":"en-GB","@id":"https:\/\/importanne.ba\/#\/schema\/logo\/image\/","url":"https:\/\/importanne.ba\/wp-content\/uploads\/2023\/08\/logo_footer.png","contentUrl":"https:\/\/importanne.ba\/wp-content\/uploads\/2023\/08\/logo_footer.png","width":573,"height":598,"caption":"Importanne Centar"},"image":{"@id":"https:\/\/importanne.ba\/#\/schema\/logo\/image\/"},"sameAs":["https:\/\/www.facebook.com\/importannesarajevo\/","https:\/\/www.instagram.com\/importanne_centar\/"]}]}},"_links":{"self":[{"href":"https:\/\/importanne.ba\/en\/wp-json\/wp\/v2\/mec-events\/3856","targetHints":{"allow":["GET"]}}],"collection":[{"href":"https:\/\/importanne.ba\/en\/wp-json\/wp\/v2\/mec-events"}],"about":[{"href":"https:\/\/importanne.ba\/en\/wp-json\/wp\/v2\/types\/mec-events"}],"author":[{"embeddable":true,"href":"https:\/\/importanne.ba\/en\/wp-json\/wp\/v2\/users\/1"}],"replies":[{"embeddable":true,"href":"https:\/\/importanne.ba\/en\/wp-json\/wp\/v2\/comments?post=3856"}],"version-history":[{"count":2,"href":"https:\/\/importanne.ba\/en\/wp-json\/wp\/v2\/mec-events\/3856\/revisions"}],"predecessor-version":[{"id":3860,"href":"https:\/\/importanne.ba\/en\/wp-json\/wp\/v2\/mec-events\/3856\/revisions\/3860"}],"wp:featuredmedia":[{"embeddable":true,"href":"https:\/\/importanne.ba\/en\/wp-json\/wp\/v2\/media\/3863"}],"wp:attachment":[{"href":"https:\/\/importanne.ba\/en\/wp-json\/wp\/v2\/media?parent=3856"}],"wp:term":[{"taxonomy":"post_tag","embeddable":true,"href":"https:\/\/importanne.ba\/en\/wp-json\/wp\/v2\/tags?post=3856"},{"taxonomy":"mec_category","embeddable":true,"href":"https:\/\/importanne.ba\/en\/wp-json\/wp\/v2\/mec_category?post=3856"}],"curies":[{"name":"wp","href":"https:\/\/api.w.org\/{rel}","templated":true}]}}