{"id":4108,"date":"2025-05-22T09:54:00","date_gmt":"2025-05-22T07:54:00","guid":{"rendered":"https:\/\/importanne.ba\/?post_type=mec-events&#038;p=4108"},"modified":"2025-05-22T09:54:00","modified_gmt":"2025-05-22T07:54:00","slug":"face-painting","status":"publish","type":"mec-events","link":"https:\/\/importanne.ba\/en\/events\/face-painting\/","title":{"rendered":"FACE PAINTING"},"content":{"rendered":"<div>Dragi roditelji i mali\u0161ani,<\/div>\n<div>Povodom proslave 15. ro\u0111endana Importanne Centra, pozivamo vas na veselo dje\u010dije dru\u017eenje u petak, 23. maja 2025. godine, od 18:00 do 20:00 sati, na eta\u017ei -1 (suteren) Importanne Centra, Zmaja od Bosne 7, Sarajevo.<\/div>\n<div><img loading=\"lazy\" decoding=\"async\" class=\"CToWUd\" src=\"https:\/\/ci3.googleusercontent.com\/meips\/ADKq_NYpkflXUqFzdpbM8383DCFsuSOGRnu2xOtvkBVssBWfEonewFUXcna6FVE7XcbAmVhNZV1tBZQPfPI7zcXBXwkkUMYhFtZ3akXTwdFWvdxJO4b9via2WJ4=s0-d-e1-ft#https:\/\/static.xx.fbcdn.net\/images\/emoji.php\/v9\/tdf\/1\/16\/1f9d2.png\" alt=\"\ud83e\uddd2\" width=\"16\" height=\"16\" data-bit=\"iit\" \/>\u00a0Program za djecu koje priprema za vas @Udruzenje.BAZA<br \/>\nFace painting \u2013 kreativno oslikavanje lica za najmla\u0111e\u00a0<img loading=\"lazy\" decoding=\"async\" class=\"CToWUd\" src=\"https:\/\/ci3.googleusercontent.com\/meips\/ADKq_NZCJj7ZdTVa4WO22tR2fbkyiB3VxVb8x2v47kyuWfghNPdMuyCjOfR_icCn5KiEeQpKZQ4IkfToibKT_aIU_dXMXwS-auEtPdqMd-zTXiopsmG8yOCoRW8=s0-d-e1-ft#https:\/\/static.xx.fbcdn.net\/images\/emoji.php\/v9\/t82\/1\/16\/1f3a8.png\" alt=\"\ud83c\udfa8\" width=\"16\" height=\"16\" data-bit=\"iit\" \/><br \/>\nDje\u010diji disko \u2013 plesna zabava uz omiljene dje\u010dije hitove\u00a0<img loading=\"lazy\" decoding=\"async\" class=\"CToWUd\" src=\"https:\/\/ci3.googleusercontent.com\/meips\/ADKq_NZQRb104OBszqy2uBlSMpF2fBkp-_6vZiaujWw5t2E5cMx-avw3r7fNaWhqc67iwlH0mf-7FTkuKSxyBTj01_p_cPNiSrA2BIet9n9Cx5k38tZkEsLKwEU=s0-d-e1-ft#https:\/\/static.xx.fbcdn.net\/images\/emoji.php\/v9\/t1f\/1\/16\/1f3b6.png\" alt=\"\ud83c\udfb6\" width=\"16\" height=\"16\" data-bit=\"iit\" \/><br \/>\nModeliranje balona \u2013 zabava s balonima u raznim oblicima\u00a0<img loading=\"lazy\" decoding=\"async\" class=\"CToWUd\" src=\"https:\/\/ci3.googleusercontent.com\/meips\/ADKq_NZTUSQUH4T4s_U9qIOsXv5uBge7a7GMdseGaQfmB2tYLYBTSW7Z8aPhLoP2nQtMqPOf7XrUwPAvKShRFPL36_Y6rnVApPJpPMo_ReT3URGWBsFuKBXq-A=s0-d-e1-ft#https:\/\/static.xx.fbcdn.net\/images\/emoji.php\/v9\/tb\/1\/16\/1f388.png\" alt=\"\ud83c\udf88\" width=\"16\" height=\"16\" data-bit=\"iit\" \/><\/p>\n<\/div>\n<div><img loading=\"lazy\" decoding=\"async\" class=\"CToWUd\" src=\"https:\/\/ci3.googleusercontent.com\/meips\/ADKq_NaV0YfENxB38TbMfDu2FCoEhkYJKwg2UX_g6uKHmYX1Xfon-PEmR7zRRA6LUNqe3fbk37Ml2wDcj-js47a-HwEnYbhlGQPfrq6k9mUcnBS7y5combpXgWw=s0-d-e1-ft#https:\/\/static.xx.fbcdn.net\/images\/emoji.php\/v9\/t84\/1\/16\/1f381.png\" alt=\"\ud83c\udf81\" width=\"16\" height=\"16\" data-bit=\"iit\" \/>\u00a0Posebne pogodnosti:<br \/>\nMnogobrojne ponude i popusti povodom ro\u0111endanske proslave Importanne Centra<br \/>\n1h Besplatan parking za sve posjetitelje za prvi sat dolaska!<\/p>\n<\/div>\n<div><img loading=\"lazy\" decoding=\"async\" class=\"CToWUd\" src=\"https:\/\/ci3.googleusercontent.com\/meips\/ADKq_NZEg_0k9lgwtdFbAFLzBVp15iJi7pMbgifc0kmB5JArDr8_DCmcJXXUe1-SS9qdHQmcOAjGelu8SSTEs1KRkW5ypGfW9DMSWXmFx0mxfvM3oUteWXtCvf0=s0-d-e1-ft#https:\/\/static.xx.fbcdn.net\/images\/emoji.php\/v9\/t7e\/1\/16\/1f4c5.png\" alt=\"\ud83d\udcc5\" width=\"16\" height=\"16\" data-bit=\"iit\" \/>\u00a0Prijave za djecu: Molimo roditelje da prijave svoje mali\u0161ane najkasnije do \u010detvrtka, 22. maja 2025. godine, do 21:00 sat, kako bismo osigurali dovoljan broj materijala i poklona za sve u\u010desnike. Prijave i sve dodatne informacije slati putem linka:\u00a0<a href=\"https:\/\/www.facebook.com\/share\/1DTHumhzxU\/\" target=\"_blank\" rel=\"noopener\" data-saferedirecturl=\"https:\/\/www.google.com\/url?q=https:\/\/www.facebook.com\/share\/1DTHumhzxU\/&amp;source=gmail&amp;ust=1747853526787000&amp;usg=AOvVaw1vjyC9t9v42qukFB1kkrm6\">https:\/\/www.facebook.com\/<wbr \/>share\/1DTHumhzxU\/<\/a><\/p>\n<\/div>\n<div>Ovo je savr\u0161ena prilika da provedete kvalitetno vrijeme s va\u0161im mali\u0161anima, u\u017eivate u zabavnom programu i iskoristite posebne ro\u0111endanske pogodnosti.<\/div>\n<div>Vidimo se u Importanne Centru!\u00a0<img loading=\"lazy\" decoding=\"async\" class=\"CToWUd\" src=\"https:\/\/ci3.googleusercontent.com\/meips\/ADKq_NbZs6etjZ7mxIiwapMruryZsRMhgOnpuaK8gN4Z2gIequbHrmSd5AO7k9GGjFIOmqpPda9jTKpSUfd9etj4poykVe6cxuDq7DIbR47wZAqlSotuN_-Cgrw=s0-d-e1-ft#https:\/\/static.xx.fbcdn.net\/images\/emoji.php\/v9\/t8c\/1\/16\/1f389.png\" alt=\"\ud83c\udf89\" width=\"16\" height=\"16\" data-bit=\"iit\" \/><\/div>","protected":false},"excerpt":{"rendered":"<p>Dragi roditelji i mali\u0161ani, Povodom proslave 15. ro\u0111endana Importanne Centra, pozivamo vas na veselo dje\u010dije dru\u017eenje u petak, 23. maja 2025. godine, od 18:00 do 20:00 sati, na eta\u017ei -1 (suteren) Importanne Centra, Zmaja od Bosne 7, Sarajevo. \u00a0Program za djecu koje priprema za vas @Udruzenje.BAZA Face painting \u2013 kreativno oslikavanje lica za najmla\u0111e\u00a0 Dje\u010diji [&hellip;]<\/p>","protected":false},"author":1,"featured_media":4101,"comment_status":"closed","ping_status":"closed","template":"","tags":[],"mec_category":[],"class_list":["post-4108","mec-events","type-mec-events","status-publish","has-post-thumbnail","hentry"],"yoast_head":"<!-- This site is optimized with the Yoast SEO plugin v21.2 - https:\/\/yoast.com\/wordpress\/plugins\/seo\/ -->\n<title>FACE PAINTING - Importanne Centar<\/title>\n<meta name=\"robots\" content=\"index, follow, max-snippet:-1, max-image-preview:large, max-video-preview:-1\" \/>\n<link rel=\"canonical\" href=\"https:\/\/importanne.ba\/en\/events\/face-painting\/\" \/>\n<meta property=\"og:locale\" content=\"en_GB\" \/>\n<meta property=\"og:type\" content=\"article\" \/>\n<meta property=\"og:title\" content=\"FACE PAINTING - Importanne Centar\" \/>\n<meta property=\"og:description\" content=\"Dragi roditelji i mali\u0161ani, Povodom proslave 15. ro\u0111endana Importanne Centra, pozivamo vas na veselo dje\u010dije dru\u017eenje u petak, 23. maja 2025. godine, od 18:00 do 20:00 sati, na eta\u017ei -1 (suteren) Importanne Centra, Zmaja od Bosne 7, Sarajevo. \u00a0Program za djecu koje priprema za vas @Udruzenje.BAZA Face painting \u2013 kreativno oslikavanje lica za najmla\u0111e\u00a0 Dje\u010diji [&hellip;]\" \/>\n<meta property=\"og:url\" content=\"https:\/\/importanne.ba\/en\/events\/face-painting\/\" \/>\n<meta property=\"og:site_name\" content=\"Importanne Centar\" \/>\n<meta property=\"article:publisher\" content=\"https:\/\/www.facebook.com\/importannesarajevo\/\" \/>\n<meta property=\"og:image\" content=\"https:\/\/importanne.ba\/wp-content\/uploads\/2025\/05\/face-painting.png\" \/>\n\t<meta property=\"og:image:width\" content=\"800\" \/>\n\t<meta property=\"og:image:height\" content=\"800\" \/>\n\t<meta property=\"og:image:type\" content=\"image\/png\" \/>\n<meta name=\"twitter:card\" content=\"summary_large_image\" \/>\n<meta name=\"twitter:label1\" content=\"Estimated reading time\" \/>\n\t<meta name=\"twitter:data1\" content=\"3 minutes\" \/>\n<script type=\"application\/ld+json\" class=\"yoast-schema-graph\">{\"@context\":\"https:\/\/schema.org\",\"@graph\":[{\"@type\":\"WebPage\",\"@id\":\"https:\/\/importanne.ba\/events\/face-painting\/\",\"url\":\"https:\/\/importanne.ba\/events\/face-painting\/\",\"name\":\"FACE PAINTING - Importanne Centar\",\"isPartOf\":{\"@id\":\"https:\/\/importanne.ba\/#website\"},\"datePublished\":\"2025-05-22T07:54:00+00:00\",\"dateModified\":\"2025-05-22T07:54:00+00:00\",\"breadcrumb\":{\"@id\":\"https:\/\/importanne.ba\/events\/face-painting\/#breadcrumb\"},\"inLanguage\":\"en-GB\",\"potentialAction\":[{\"@type\":\"ReadAction\",\"target\":[\"https:\/\/importanne.ba\/events\/face-painting\/\"]}]},{\"@type\":\"BreadcrumbList\",\"@id\":\"https:\/\/importanne.ba\/events\/face-painting\/#breadcrumb\",\"itemListElement\":[{\"@type\":\"ListItem\",\"position\":1,\"name\":\"Home\",\"item\":\"https:\/\/importanne.ba\/\"},{\"@type\":\"ListItem\",\"position\":2,\"name\":\"Events\",\"item\":\"https:\/\/importanne.ba\/events\/\"},{\"@type\":\"ListItem\",\"position\":3,\"name\":\"FACE PAINTING\"}]},{\"@type\":\"WebSite\",\"@id\":\"https:\/\/importanne.ba\/#website\",\"url\":\"https:\/\/importanne.ba\/\",\"name\":\"Importanne Centar\",\"description\":\"Centar modernog \u017eivljenja\",\"publisher\":{\"@id\":\"https:\/\/importanne.ba\/#organization\"},\"potentialAction\":[{\"@type\":\"SearchAction\",\"target\":{\"@type\":\"EntryPoint\",\"urlTemplate\":\"https:\/\/importanne.ba\/?s={search_term_string}\"},\"query-input\":\"required name=search_term_string\"}],\"inLanguage\":\"en-GB\"},{\"@type\":\"Organization\",\"@id\":\"https:\/\/importanne.ba\/#organization\",\"name\":\"Importanne Centar\",\"url\":\"https:\/\/importanne.ba\/\",\"logo\":{\"@type\":\"ImageObject\",\"inLanguage\":\"en-GB\",\"@id\":\"https:\/\/importanne.ba\/#\/schema\/logo\/image\/\",\"url\":\"https:\/\/importanne.ba\/wp-content\/uploads\/2023\/08\/logo_footer.png\",\"contentUrl\":\"https:\/\/importanne.ba\/wp-content\/uploads\/2023\/08\/logo_footer.png\",\"width\":573,\"height\":598,\"caption\":\"Importanne Centar\"},\"image\":{\"@id\":\"https:\/\/importanne.ba\/#\/schema\/logo\/image\/\"},\"sameAs\":[\"https:\/\/www.facebook.com\/importannesarajevo\/\",\"https:\/\/www.instagram.com\/importanne_centar\/\"]}]}<\/script>\n<!-- \/ Yoast SEO plugin. -->","yoast_head_json":{"title":"FACE PAINTING - Importanne Centar","robots":{"index":"index","follow":"follow","max-snippet":"max-snippet:-1","max-image-preview":"max-image-preview:large","max-video-preview":"max-video-preview:-1"},"canonical":"https:\/\/importanne.ba\/en\/events\/face-painting\/","og_locale":"en_GB","og_type":"article","og_title":"FACE PAINTING - Importanne Centar","og_description":"Dragi roditelji i mali\u0161ani, Povodom proslave 15. ro\u0111endana Importanne Centra, pozivamo vas na veselo dje\u010dije dru\u017eenje u petak, 23. maja 2025. godine, od 18:00 do 20:00 sati, na eta\u017ei -1 (suteren) Importanne Centra, Zmaja od Bosne 7, Sarajevo. \u00a0Program za djecu koje priprema za vas @Udruzenje.BAZA Face painting \u2013 kreativno oslikavanje lica za najmla\u0111e\u00a0 Dje\u010diji [&hellip;]","og_url":"https:\/\/importanne.ba\/en\/events\/face-painting\/","og_site_name":"Importanne Centar","article_publisher":"https:\/\/www.facebook.com\/importannesarajevo\/","og_image":[{"width":800,"height":800,"url":"https:\/\/importanne.ba\/wp-content\/uploads\/2025\/05\/face-painting.png","type":"image\/png"}],"twitter_card":"summary_large_image","twitter_misc":{"Estimated reading time":"3 minutes"},"schema":{"@context":"https:\/\/schema.org","@graph":[{"@type":"WebPage","@id":"https:\/\/importanne.ba\/events\/face-painting\/","url":"https:\/\/importanne.ba\/events\/face-painting\/","name":"FACE PAINTING - Importanne Centar","isPartOf":{"@id":"https:\/\/importanne.ba\/#website"},"datePublished":"2025-05-22T07:54:00+00:00","dateModified":"2025-05-22T07:54:00+00:00","breadcrumb":{"@id":"https:\/\/importanne.ba\/events\/face-painting\/#breadcrumb"},"inLanguage":"en-GB","potentialAction":[{"@type":"ReadAction","target":["https:\/\/importanne.ba\/events\/face-painting\/"]}]},{"@type":"BreadcrumbList","@id":"https:\/\/importanne.ba\/events\/face-painting\/#breadcrumb","itemListElement":[{"@type":"ListItem","position":1,"name":"Home","item":"https:\/\/importanne.ba\/"},{"@type":"ListItem","position":2,"name":"Events","item":"https:\/\/importanne.ba\/events\/"},{"@type":"ListItem","position":3,"name":"FACE PAINTING"}]},{"@type":"WebSite","@id":"https:\/\/importanne.ba\/#website","url":"https:\/\/importanne.ba\/","name":"Importanne Centar","description":"Centar modernog \u017eivljenja","publisher":{"@id":"https:\/\/importanne.ba\/#organization"},"potentialAction":[{"@type":"SearchAction","target":{"@type":"EntryPoint","urlTemplate":"https:\/\/importanne.ba\/?s={search_term_string}"},"query-input":"required name=search_term_string"}],"inLanguage":"en-GB"},{"@type":"Organization","@id":"https:\/\/importanne.ba\/#organization","name":"Importanne Centar","url":"https:\/\/importanne.ba\/","logo":{"@type":"ImageObject","inLanguage":"en-GB","@id":"https:\/\/importanne.ba\/#\/schema\/logo\/image\/","url":"https:\/\/importanne.ba\/wp-content\/uploads\/2023\/08\/logo_footer.png","contentUrl":"https:\/\/importanne.ba\/wp-content\/uploads\/2023\/08\/logo_footer.png","width":573,"height":598,"caption":"Importanne Centar"},"image":{"@id":"https:\/\/importanne.ba\/#\/schema\/logo\/image\/"},"sameAs":["https:\/\/www.facebook.com\/importannesarajevo\/","https:\/\/www.instagram.com\/importanne_centar\/"]}]}},"_links":{"self":[{"href":"https:\/\/importanne.ba\/en\/wp-json\/wp\/v2\/mec-events\/4108","targetHints":{"allow":["GET"]}}],"collection":[{"href":"https:\/\/importanne.ba\/en\/wp-json\/wp\/v2\/mec-events"}],"about":[{"href":"https:\/\/importanne.ba\/en\/wp-json\/wp\/v2\/types\/mec-events"}],"author":[{"embeddable":true,"href":"https:\/\/importanne.ba\/en\/wp-json\/wp\/v2\/users\/1"}],"replies":[{"embeddable":true,"href":"https:\/\/importanne.ba\/en\/wp-json\/wp\/v2\/comments?post=4108"}],"version-history":[{"count":1,"href":"https:\/\/importanne.ba\/en\/wp-json\/wp\/v2\/mec-events\/4108\/revisions"}],"predecessor-version":[{"id":4109,"href":"https:\/\/importanne.ba\/en\/wp-json\/wp\/v2\/mec-events\/4108\/revisions\/4109"}],"wp:featuredmedia":[{"embeddable":true,"href":"https:\/\/importanne.ba\/en\/wp-json\/wp\/v2\/media\/4101"}],"wp:attachment":[{"href":"https:\/\/importanne.ba\/en\/wp-json\/wp\/v2\/media?parent=4108"}],"wp:term":[{"taxonomy":"post_tag","embeddable":true,"href":"https:\/\/importanne.ba\/en\/wp-json\/wp\/v2\/tags?post=4108"},{"taxonomy":"mec_category","embeddable":true,"href":"https:\/\/importanne.ba\/en\/wp-json\/wp\/v2\/mec_category?post=4108"}],"curies":[{"name":"wp","href":"https:\/\/api.w.org\/{rel}","templated":true}]}}