{"id":4443,"date":"2026-09-02T11:54:40","date_gmt":"2026-09-02T09:54:40","guid":{"rendered":"https:\/\/importanne.ba\/?post_type=mec-events&#038;p=4443"},"modified":"2026-09-02T12:05:01","modified_gmt":"2026-09-02T10:05:01","slug":"povratak-u-skolu-moje-prvo-volontiranje-ucenici-kroz-iskustvo-upoznaju-svijet-rada","status":"publish","type":"mec-events","link":"https:\/\/importanne.ba\/en\/events\/povratak-u-skolu-moje-prvo-volontiranje-ucenici-kroz-iskustvo-upoznaju-svijet-rada\/","title":{"rendered":"\u201ePovratak u \u0161kolu \u2013 Moje prvo volontiranje\u201c: U\u010denici kroz iskustvo upoznaju svijet rada"},"content":{"rendered":"<div dir=\"auto\">\n<div dir=\"auto\">\n<div dir=\"auto\">\n<p><strong>Ilid\u017ea, 7. septembar 2026.<\/strong>\u00a0\u2013 Povratak u \u0161kolu za u\u010denike devetog razreda\u00a0<strong>Prve osnovne \u0161kole Ilid\u017ea<\/strong>\u00a0ove godine donosi i jedno posebno iskustvo. U saradnji s\u00a0Importanne Centrom, 20 u\u010denika uzrasta 15 godina u\u010destvovat \u0107e u projektu\u00a0<strong>\u201ePovratak u \u0161kolu \u2013 Moje prvo volontiranje\u201c<\/strong>, edukativnoj aktivnosti u okviru profesionalne orijentacije.<\/p>\n<p>Cilj projekta je omogu\u0107iti u\u010denicima da nekoliko sati provedu u stvarnom poslovnom okru\u017eenju, upoznaju razli\u010dita zanimanja, svakodnevne poslovne procese i razgovaraju sa zaposlenicima o njihovom obrazovanju, poslu i profesionalnom putu.<\/p>\n<p>Va\u017eno je naglasiti da\u00a0<strong>nije rije\u010d o anga\u017eovanju u\u010denika kao radne snage<\/strong>, ve\u0107 o kratkotrajnom, edukativnom volonterskom iskustvu. U\u010denici \u0107e, uz nadzor zaposlenika, biti raspore\u0111eni u zainteresovane trgovine i poslovnice Importanne Centra, gdje \u0107e kroz jednostavne i sigurne aktivnosti upoznati na\u010din funkcionisanja odre\u0111enog radnog okru\u017eenja.<\/p>\n<p><strong>Vrata ovog projekta otvorit \u0107e i brojni brendovi Importanne Centra, me\u0111u kojima su KARE, CM Cosmetic Market, Beal, Stopa te mnogi drugi<\/strong>, koji \u0107e u\u010denicima omogu\u0107iti da izbliza upoznaju razli\u010dita zanimanja, poslovne procese i svakodnevicu stvarnog radnog okru\u017eenja.<\/p>\n<p>\u201e\u017delimo u\u010denicima omogu\u0107iti da prije izbora srednje \u0161kole i budu\u0107eg zanimanja dobiju priliku vidjeti kako izgleda stvarni radni dan, upoznati razli\u010dita zanimanja i razgovarati s ljudima koji ih svakodnevno obavljaju. Vjerujemo da se upravo kroz iskustvo mogu donijeti kvalitetnije odluke o budu\u0107nosti\u201c, isti\u010du autori i realizatori projekta, profesori\u00a0<strong>Indira Buljuba\u0161i\u0107 i Kerim Omerbegovi\u0107<\/strong>.<\/p>\n<p>U\u010denici \u0107e prethodno biti pripremljeni za boravak u poslovnom okru\u017eenju, uz naglasak na odgovornost, komunikaciju, ta\u010dnost i profesionalno pona\u0161anje. Tokom aktivnosti bit \u0107e lako prepoznatljivi u dresovima fudbalske reprezentacije Bosne i Hercegovine, a dvoje u\u010denika \u0107e na ulazu u Centar po\u017eeljeti dobrodo\u0161licu posjetiocima.<\/p>\n<p>Nakon volontiranja, u\u010denici \u0107e sa profesorima razgovarati o iskustvima i utiscima, kao i o zanimanjima koja su im privukla pa\u017enju.<\/p>\n<p>Projekat predstavlja primjer povezivanja\u00a0<strong>obrazovanja, profesionalne orijentacije, volontiranja i poslovne zajednice,<\/strong> s ciljem da mladima pribli\u017ei svijet rada na njima prilago\u0111en i siguran na\u010din.<\/p>\n<p><strong>\u201eMoje prvo volontiranje\u201c \u2013 prvo iskustvo, nova saznanja i mo\u017eda prvi korak prema budu\u0107em zanimanju.<\/strong><\/p>\n<h3>Zajedno gradimo bolje sutra!\u00a0<img decoding=\"async\" class=\"CToWUd\" src=\"https:\/\/ci3.googleusercontent.com\/meips\/ADKq_Naaq6Q2ZXAKBfrEiKllnYMkhnoy6mHkKvJUc-VfcPODDplhp6Z3ObhBXGmUWyQKlkJx4bT8auFhXrmoMp1U3kWGxIMZqAdL_2hjuJouQhE=s0-d-e1-ft#https:\/\/fonts.gstatic.com\/s\/e\/notoemoji\/17.0\/1f49a\/72.png\" alt=\"\ud83d\udc9a\" aria-label=\"\ud83d\udc9a\" data-bit=\"iit\" \/><img decoding=\"async\" class=\"CToWUd\" src=\"https:\/\/ci3.googleusercontent.com\/meips\/ADKq_NZ4WFuBWUqsJztkGyl7TgT6WsEF-XsVcuB3ru49HV8qJ-Tn010Uoj_x9a9L7Q_Oerrd2fk6HH7jEvw_zShwk0zzAT88XNXD6mprMSji8cw=s0-d-e1-ft#https:\/\/fonts.gstatic.com\/s\/e\/notoemoji\/17.0\/1f49b\/72.png\" alt=\"\ud83d\udc9b\" aria-label=\"\ud83d\udc9b\" data-bit=\"iit\" \/><\/h3>\n<\/div>\n<\/div>\n<\/div>","protected":false},"excerpt":{"rendered":"<p>Ilid\u017ea, 7. septembar 2026.\u00a0\u2013 Povratak u \u0161kolu za u\u010denike devetog razreda\u00a0Prve osnovne \u0161kole Ilid\u017ea\u00a0ove godine donosi i jedno posebno iskustvo. U saradnji s\u00a0Importanne Centrom, 20 u\u010denika uzrasta 15 godina u\u010destvovat \u0107e u projektu\u00a0\u201ePovratak u \u0161kolu \u2013 Moje prvo volontiranje\u201c, edukativnoj aktivnosti u okviru profesionalne orijentacije. Cilj projekta je omogu\u0107iti u\u010denicima da nekoliko sati provedu u [&hellip;]<\/p>","protected":false},"author":1,"featured_media":4444,"comment_status":"closed","ping_status":"closed","template":"","tags":[],"mec_category":[],"class_list":["post-4443","mec-events","type-mec-events","status-publish","has-post-thumbnail","hentry"],"yoast_head":"<!-- This site is optimized with the Yoast SEO plugin v21.2 - https:\/\/yoast.com\/wordpress\/plugins\/seo\/ -->\n<title>\u201ePovratak u \u0161kolu \u2013 Moje prvo volontiranje\u201c: U\u010denici kroz iskustvo upoznaju svijet rada - Importanne Centar<\/title>\n<meta name=\"robots\" content=\"index, follow, max-snippet:-1, max-image-preview:large, max-video-preview:-1\" \/>\n<link rel=\"canonical\" href=\"https:\/\/importanne.ba\/en\/events\/povratak-u-skolu-moje-prvo-volontiranje-ucenici-kroz-iskustvo-upoznaju-svijet-rada\/\" \/>\n<meta property=\"og:locale\" content=\"en_GB\" \/>\n<meta property=\"og:type\" content=\"article\" \/>\n<meta property=\"og:title\" content=\"\u201ePovratak u \u0161kolu \u2013 Moje prvo volontiranje\u201c: U\u010denici kroz iskustvo upoznaju svijet rada - Importanne Centar\" \/>\n<meta property=\"og:description\" content=\"Ilid\u017ea, 7. septembar 2026.\u00a0\u2013 Povratak u \u0161kolu za u\u010denike devetog razreda\u00a0Prve osnovne \u0161kole Ilid\u017ea\u00a0ove godine donosi i jedno posebno iskustvo. U saradnji s\u00a0Importanne Centrom, 20 u\u010denika uzrasta 15 godina u\u010destvovat \u0107e u projektu\u00a0\u201ePovratak u \u0161kolu \u2013 Moje prvo volontiranje\u201c, edukativnoj aktivnosti u okviru profesionalne orijentacije. Cilj projekta je omogu\u0107iti u\u010denicima da nekoliko sati provedu u [&hellip;]\" \/>\n<meta property=\"og:url\" content=\"https:\/\/importanne.ba\/en\/events\/povratak-u-skolu-moje-prvo-volontiranje-ucenici-kroz-iskustvo-upoznaju-svijet-rada\/\" \/>\n<meta property=\"og:site_name\" content=\"Importanne Centar\" \/>\n<meta property=\"article:publisher\" content=\"https:\/\/www.facebook.com\/importannesarajevo\/\" \/>\n<meta property=\"article:modified_time\" content=\"2026-09-02T10:05:01+00:00\" \/>\n<meta property=\"og:image\" content=\"https:\/\/importanne.ba\/wp-content\/uploads\/2026\/09\/1000127642.jpg\" \/>\n\t<meta property=\"og:image:width\" content=\"1254\" \/>\n\t<meta property=\"og:image:height\" content=\"1254\" \/>\n\t<meta property=\"og:image:type\" content=\"image\/jpeg\" \/>\n<meta name=\"twitter:card\" content=\"summary_large_image\" \/>\n<meta name=\"twitter:label1\" content=\"Estimated reading time\" \/>\n\t<meta name=\"twitter:data1\" content=\"3 minutes\" \/>\n<script type=\"application\/ld+json\" class=\"yoast-schema-graph\">{\"@context\":\"https:\/\/schema.org\",\"@graph\":[{\"@type\":\"WebPage\",\"@id\":\"https:\/\/importanne.ba\/events\/povratak-u-skolu-moje-prvo-volontiranje-ucenici-kroz-iskustvo-upoznaju-svijet-rada\/\",\"url\":\"https:\/\/importanne.ba\/events\/povratak-u-skolu-moje-prvo-volontiranje-ucenici-kroz-iskustvo-upoznaju-svijet-rada\/\",\"name\":\"\u201ePovratak u \u0161kolu \u2013 Moje prvo volontiranje\u201c: U\u010denici kroz iskustvo upoznaju svijet rada - Importanne Centar\",\"isPartOf\":{\"@id\":\"https:\/\/importanne.ba\/#website\"},\"datePublished\":\"2026-09-02T09:54:40+00:00\",\"dateModified\":\"2026-09-02T10:05:01+00:00\",\"breadcrumb\":{\"@id\":\"https:\/\/importanne.ba\/events\/povratak-u-skolu-moje-prvo-volontiranje-ucenici-kroz-iskustvo-upoznaju-svijet-rada\/#breadcrumb\"},\"inLanguage\":\"en-GB\",\"potentialAction\":[{\"@type\":\"ReadAction\",\"target\":[\"https:\/\/importanne.ba\/events\/povratak-u-skolu-moje-prvo-volontiranje-ucenici-kroz-iskustvo-upoznaju-svijet-rada\/\"]}]},{\"@type\":\"BreadcrumbList\",\"@id\":\"https:\/\/importanne.ba\/events\/povratak-u-skolu-moje-prvo-volontiranje-ucenici-kroz-iskustvo-upoznaju-svijet-rada\/#breadcrumb\",\"itemListElement\":[{\"@type\":\"ListItem\",\"position\":1,\"name\":\"Home\",\"item\":\"https:\/\/importanne.ba\/\"},{\"@type\":\"ListItem\",\"position\":2,\"name\":\"Events\",\"item\":\"https:\/\/importanne.ba\/events\/\"},{\"@type\":\"ListItem\",\"position\":3,\"name\":\"\u201ePovratak u \u0161kolu \u2013 Moje prvo volontiranje\u201c: U\u010denici kroz iskustvo upoznaju svijet rada\"}]},{\"@type\":\"WebSite\",\"@id\":\"https:\/\/importanne.ba\/#website\",\"url\":\"https:\/\/importanne.ba\/\",\"name\":\"Importanne Centar\",\"description\":\"Centar modernog \u017eivljenja\",\"publisher\":{\"@id\":\"https:\/\/importanne.ba\/#organization\"},\"potentialAction\":[{\"@type\":\"SearchAction\",\"target\":{\"@type\":\"EntryPoint\",\"urlTemplate\":\"https:\/\/importanne.ba\/?s={search_term_string}\"},\"query-input\":\"required name=search_term_string\"}],\"inLanguage\":\"en-GB\"},{\"@type\":\"Organization\",\"@id\":\"https:\/\/importanne.ba\/#organization\",\"name\":\"Importanne Centar\",\"url\":\"https:\/\/importanne.ba\/\",\"logo\":{\"@type\":\"ImageObject\",\"inLanguage\":\"en-GB\",\"@id\":\"https:\/\/importanne.ba\/#\/schema\/logo\/image\/\",\"url\":\"https:\/\/importanne.ba\/wp-content\/uploads\/2023\/08\/logo_footer.png\",\"contentUrl\":\"https:\/\/importanne.ba\/wp-content\/uploads\/2023\/08\/logo_footer.png\",\"width\":573,\"height\":598,\"caption\":\"Importanne Centar\"},\"image\":{\"@id\":\"https:\/\/importanne.ba\/#\/schema\/logo\/image\/\"},\"sameAs\":[\"https:\/\/www.facebook.com\/importannesarajevo\/\",\"https:\/\/www.instagram.com\/importanne_centar\/\"]}]}<\/script>\n<!-- \/ Yoast SEO plugin. -->","yoast_head_json":{"title":"\u201ePovratak u \u0161kolu \u2013 Moje prvo volontiranje\u201c: U\u010denici kroz iskustvo upoznaju svijet rada - Importanne Centar","robots":{"index":"index","follow":"follow","max-snippet":"max-snippet:-1","max-image-preview":"max-image-preview:large","max-video-preview":"max-video-preview:-1"},"canonical":"https:\/\/importanne.ba\/en\/events\/povratak-u-skolu-moje-prvo-volontiranje-ucenici-kroz-iskustvo-upoznaju-svijet-rada\/","og_locale":"en_GB","og_type":"article","og_title":"\u201ePovratak u \u0161kolu \u2013 Moje prvo volontiranje\u201c: U\u010denici kroz iskustvo upoznaju svijet rada - Importanne Centar","og_description":"Ilid\u017ea, 7. septembar 2026.\u00a0\u2013 Povratak u \u0161kolu za u\u010denike devetog razreda\u00a0Prve osnovne \u0161kole Ilid\u017ea\u00a0ove godine donosi i jedno posebno iskustvo. U saradnji s\u00a0Importanne Centrom, 20 u\u010denika uzrasta 15 godina u\u010destvovat \u0107e u projektu\u00a0\u201ePovratak u \u0161kolu \u2013 Moje prvo volontiranje\u201c, edukativnoj aktivnosti u okviru profesionalne orijentacije. Cilj projekta je omogu\u0107iti u\u010denicima da nekoliko sati provedu u [&hellip;]","og_url":"https:\/\/importanne.ba\/en\/events\/povratak-u-skolu-moje-prvo-volontiranje-ucenici-kroz-iskustvo-upoznaju-svijet-rada\/","og_site_name":"Importanne Centar","article_publisher":"https:\/\/www.facebook.com\/importannesarajevo\/","article_modified_time":"2026-09-02T10:05:01+00:00","og_image":[{"width":1254,"height":1254,"url":"https:\/\/importanne.ba\/wp-content\/uploads\/2026\/09\/1000127642.jpg","type":"image\/jpeg"}],"twitter_card":"summary_large_image","twitter_misc":{"Estimated reading time":"3 minutes"},"schema":{"@context":"https:\/\/schema.org","@graph":[{"@type":"WebPage","@id":"https:\/\/importanne.ba\/events\/povratak-u-skolu-moje-prvo-volontiranje-ucenici-kroz-iskustvo-upoznaju-svijet-rada\/","url":"https:\/\/importanne.ba\/events\/povratak-u-skolu-moje-prvo-volontiranje-ucenici-kroz-iskustvo-upoznaju-svijet-rada\/","name":"\u201ePovratak u \u0161kolu \u2013 Moje prvo volontiranje\u201c: U\u010denici kroz iskustvo upoznaju svijet rada - Importanne Centar","isPartOf":{"@id":"https:\/\/importanne.ba\/#website"},"datePublished":"2026-09-02T09:54:40+00:00","dateModified":"2026-09-02T10:05:01+00:00","breadcrumb":{"@id":"https:\/\/importanne.ba\/events\/povratak-u-skolu-moje-prvo-volontiranje-ucenici-kroz-iskustvo-upoznaju-svijet-rada\/#breadcrumb"},"inLanguage":"en-GB","potentialAction":[{"@type":"ReadAction","target":["https:\/\/importanne.ba\/events\/povratak-u-skolu-moje-prvo-volontiranje-ucenici-kroz-iskustvo-upoznaju-svijet-rada\/"]}]},{"@type":"BreadcrumbList","@id":"https:\/\/importanne.ba\/events\/povratak-u-skolu-moje-prvo-volontiranje-ucenici-kroz-iskustvo-upoznaju-svijet-rada\/#breadcrumb","itemListElement":[{"@type":"ListItem","position":1,"name":"Home","item":"https:\/\/importanne.ba\/"},{"@type":"ListItem","position":2,"name":"Events","item":"https:\/\/importanne.ba\/events\/"},{"@type":"ListItem","position":3,"name":"\u201ePovratak u \u0161kolu \u2013 Moje prvo volontiranje\u201c: U\u010denici kroz iskustvo upoznaju svijet rada"}]},{"@type":"WebSite","@id":"https:\/\/importanne.ba\/#website","url":"https:\/\/importanne.ba\/","name":"Importanne Centar","description":"Centar modernog \u017eivljenja","publisher":{"@id":"https:\/\/importanne.ba\/#organization"},"potentialAction":[{"@type":"SearchAction","target":{"@type":"EntryPoint","urlTemplate":"https:\/\/importanne.ba\/?s={search_term_string}"},"query-input":"required name=search_term_string"}],"inLanguage":"en-GB"},{"@type":"Organization","@id":"https:\/\/importanne.ba\/#organization","name":"Importanne Centar","url":"https:\/\/importanne.ba\/","logo":{"@type":"ImageObject","inLanguage":"en-GB","@id":"https:\/\/importanne.ba\/#\/schema\/logo\/image\/","url":"https:\/\/importanne.ba\/wp-content\/uploads\/2023\/08\/logo_footer.png","contentUrl":"https:\/\/importanne.ba\/wp-content\/uploads\/2023\/08\/logo_footer.png","width":573,"height":598,"caption":"Importanne Centar"},"image":{"@id":"https:\/\/importanne.ba\/#\/schema\/logo\/image\/"},"sameAs":["https:\/\/www.facebook.com\/importannesarajevo\/","https:\/\/www.instagram.com\/importanne_centar\/"]}]}},"_links":{"self":[{"href":"https:\/\/importanne.ba\/en\/wp-json\/wp\/v2\/mec-events\/4443","targetHints":{"allow":["GET"]}}],"collection":[{"href":"https:\/\/importanne.ba\/en\/wp-json\/wp\/v2\/mec-events"}],"about":[{"href":"https:\/\/importanne.ba\/en\/wp-json\/wp\/v2\/types\/mec-events"}],"author":[{"embeddable":true,"href":"https:\/\/importanne.ba\/en\/wp-json\/wp\/v2\/users\/1"}],"replies":[{"embeddable":true,"href":"https:\/\/importanne.ba\/en\/wp-json\/wp\/v2\/comments?post=4443"}],"version-history":[{"count":1,"href":"https:\/\/importanne.ba\/en\/wp-json\/wp\/v2\/mec-events\/4443\/revisions"}],"predecessor-version":[{"id":4445,"href":"https:\/\/importanne.ba\/en\/wp-json\/wp\/v2\/mec-events\/4443\/revisions\/4445"}],"wp:featuredmedia":[{"embeddable":true,"href":"https:\/\/importanne.ba\/en\/wp-json\/wp\/v2\/media\/4444"}],"wp:attachment":[{"href":"https:\/\/importanne.ba\/en\/wp-json\/wp\/v2\/media?parent=4443"}],"wp:term":[{"taxonomy":"post_tag","embeddable":true,"href":"https:\/\/importanne.ba\/en\/wp-json\/wp\/v2\/tags?post=4443"},{"taxonomy":"mec_category","embeddable":true,"href":"https:\/\/importanne.ba\/en\/wp-json\/wp\/v2\/mec_category?post=4443"}],"curies":[{"name":"wp","href":"https:\/\/api.w.org\/{rel}","templated":true}]}}